{"id":3499,"date":"2019-08-14T23:01:58","date_gmt":"2019-08-14T23:01:58","guid":{"rendered":"http:\/\/u-medicare.com\/?page_id=3499"},"modified":"2025-05-08T22:02:58","modified_gmt":"2025-05-08T22:02:58","slug":"dra-karla-renata-cardenas-otorrinolaringologo-puerto-vallarta-jalisco","status":"publish","type":"page","link":"https:\/\/u-medicare.com\/es\/dra-karla-renata-cardenas-otorrinolaringologo-puerto-vallarta-jalisco\/","title":{"rendered":"Dra. Karla Renata Cardenas, Otorrinolaring\u00f3logo, Puerto Vallarta, Jalisco"},"content":{"rendered":"<div data-elementor-type=\"wp-page\" data-elementor-id=\"3499\" class=\"elementor elementor-3499\" data-elementor-post-type=\"page\">\n\t\t\t\t<div class=\"elementor-element elementor-element-c14b720 e-flex e-con-boxed e-con e-parent\" data-id=\"c14b720\" data-element_type=\"container\" data-e-type=\"container\">\n\t\t\t\t\t<div class=\"e-con-inner\">\n\t\t<div class=\"elementor-element elementor-element-7f72fc7 e-con-full e-flex e-con e-child\" data-id=\"7f72fc7\" data-element_type=\"container\" data-e-type=\"container\">\n\t\t\t\t<div class=\"elementor-element elementor-element-e333091 elementor-widget elementor-widget-text-editor\" data-id=\"e333091\" data-element_type=\"widget\" data-e-type=\"widget\" data-widget_type=\"text-editor.default\">\n\t\t\t\t<div class=\"elementor-widget-container\">\n\t\t\t\t\t\t\t\t\t<blockquote><h2 style=\"text-align: center;\"><span style=\"color: #999999;\">Dra. Karla Renata Cardenas<\/span><\/h2><h3 style=\"text-align: center;\"><span style=\"color: #7da0af;\">Otorrinolaring\u00f3logo Puerto Vallarta<\/span><br \/><span style=\"color: #7da0af;\">Vallarta Medical Center<\/span><\/h3><p>\u00a0<\/p><hr \/><h3 style=\"text-align: center;\">\u00a0<\/h3><h5><span style=\"color: #999999;\">\u2013 Sociedad Mexicana de Otorrinolaringolog\u00eda y cirujano H&amp;N.<\/span><br \/><span style=\"color: #999999;\">\u2013 Conacem<\/span><br \/><span style=\"color: #999999;\">\u2013 Sociedad de Otorrinolaring\u00f3logos y Cirujano H&amp;N<\/span><br \/><span style=\"color: #999999;\">\u2013 UMA Centro M\u00e9dico Nacional de Occidente<\/span><\/h5><p>\u00a0<\/p><\/blockquote>\t\t\t\t\t\t\t\t<\/div>\n\t\t\t\t<\/div>\n\t\t\t\t<div class=\"elementor-element elementor-element-f149e1a elementor-widget elementor-widget-text-editor\" data-id=\"f149e1a\" data-element_type=\"widget\" data-e-type=\"widget\" data-widget_type=\"text-editor.default\">\n\t\t\t\t<div class=\"elementor-widget-container\">\n\t\t\t\t\t\t\t\t\t<h3 style=\"text-align: center;\"><span style=\"color: #999999;\">La Dra. Renata C\u00e1rdenas, miembro de la sociedad mexicana de Otorrinolaringolog\u00eda egresada de la Universidad de Guadalajara, es experta en cirug\u00eda funcional, est\u00e9tica y correctiva de la nariz.<\/span><\/h3>\t\t\t\t\t\t\t\t<\/div>\n\t\t\t\t<\/div>\n\t\t\t\t<\/div>\n\t\t<div class=\"elementor-element elementor-element-4996fbe e-con-full e-flex e-con e-child\" data-id=\"4996fbe\" data-element_type=\"container\" data-e-type=\"container\">\n\t\t\t\t<div class=\"elementor-element elementor-element-c7bc1fb elementor-widget elementor-widget-image\" data-id=\"c7bc1fb\" data-element_type=\"widget\" data-e-type=\"widget\" data-widget_type=\"image.default\">\n\t\t\t\t<div class=\"elementor-widget-container\">\n\t\t\t\t\t\t\t\t\t\t\t\t\t\t\t<img fetchpriority=\"high\" decoding=\"async\" width=\"820\" height=\"312\" src=\"https:\/\/u-medicare.com\/wp-content\/uploads\/2019\/08\/ent-doctor-puerto-vallarta.png\" class=\"attachment-large size-large wp-image-3506\" alt=\"\" srcset=\"https:\/\/u-medicare.com\/wp-content\/uploads\/2019\/08\/ent-doctor-puerto-vallarta.png 820w, https:\/\/u-medicare.com\/wp-content\/uploads\/2019\/08\/ent-doctor-puerto-vallarta-300x114.png 300w, https:\/\/u-medicare.com\/wp-content\/uploads\/2019\/08\/ent-doctor-puerto-vallarta-768x292.png 768w\" sizes=\"(max-width: 820px) 100vw, 820px\" \/>\t\t\t\t\t\t\t\t\t\t\t\t\t\t\t<\/div>\n\t\t\t\t<\/div>\n\t\t\t\t<div class=\"elementor-element elementor-element-11cd66a elementor-widget elementor-widget-image\" data-id=\"11cd66a\" data-element_type=\"widget\" data-e-type=\"widget\" data-widget_type=\"image.default\">\n\t\t\t\t<div class=\"elementor-widget-container\">\n\t\t\t\t\t\t\t\t\t\t\t\t\t\t\t<img decoding=\"async\" width=\"960\" height=\"959\" src=\"https:\/\/u-medicare.com\/wp-content\/uploads\/2019\/08\/dra.-renata-cardenas-ent-specialist-puerto-vallarta.jpg\" class=\"attachment-large size-large wp-image-3504\" alt=\"\" srcset=\"https:\/\/u-medicare.com\/wp-content\/uploads\/2019\/08\/dra.-renata-cardenas-ent-specialist-puerto-vallarta.jpg 960w, https:\/\/u-medicare.com\/wp-content\/uploads\/2019\/08\/dra.-renata-cardenas-ent-specialist-puerto-vallarta-150x150.jpg 150w, https:\/\/u-medicare.com\/wp-content\/uploads\/2019\/08\/dra.-renata-cardenas-ent-specialist-puerto-vallarta-300x300.jpg 300w, https:\/\/u-medicare.com\/wp-content\/uploads\/2019\/08\/dra.-renata-cardenas-ent-specialist-puerto-vallarta-768x767.jpg 768w\" sizes=\"(max-width: 960px) 100vw, 960px\" \/>\t\t\t\t\t\t\t\t\t\t\t\t\t\t\t<\/div>\n\t\t\t\t<\/div>\n\t\t\t\t<\/div>\n\t\t\t\t\t<\/div>\n\t\t\t\t<\/div>\n\t\t<div class=\"elementor-element elementor-element-f998b0b e-flex e-con-boxed e-con e-parent\" data-id=\"f998b0b\" data-element_type=\"container\" data-e-type=\"container\">\n\t\t\t\t\t<div class=\"e-con-inner\">\n\t\t\t\t<div class=\"elementor-element elementor-element-4631b93 elementor-widget-divider--view-line_icon elementor-view-default elementor-widget-divider--element-align-center elementor-widget elementor-widget-divider\" data-id=\"4631b93\" data-element_type=\"widget\" data-e-type=\"widget\" data-widget_type=\"divider.default\">\n\t\t\t\t<div class=\"elementor-widget-container\">\n\t\t\t\t\t\t\t<div class=\"elementor-divider\">\n\t\t\t<span class=\"elementor-divider-separator\">\n\t\t\t\t\t\t\t<div class=\"elementor-icon elementor-divider__element\">\n\t\t\t\t\t<i aria-hidden=\"true\" class=\"fas fa-hand-holding-medical\"><\/i><\/div>\n\t\t\t\t\t\t<\/span>\n\t\t<\/div>\n\t\t\t\t\t\t<\/div>\n\t\t\t\t<\/div>\n\t\t\t\t\t<\/div>\n\t\t\t\t<\/div>\n\t\t<div class=\"elementor-element elementor-element-9ac1476 e-flex e-con-boxed e-con e-parent\" data-id=\"9ac1476\" data-element_type=\"container\" data-e-type=\"container\">\n\t\t\t\t\t<div class=\"e-con-inner\">\n\t\t\t\t<div class=\"elementor-element elementor-element-8d6daa2 elementor-widget elementor-widget-heading\" data-id=\"8d6daa2\" data-element_type=\"widget\" data-e-type=\"widget\" data-widget_type=\"heading.default\">\n\t\t\t\t<div class=\"elementor-widget-container\">\n\t\t\t\t\t<h2 class=\"elementor-heading-title elementor-size-default\">OIDOS - NARIZ - GARGANTA<\/h2>\t\t\t\t<\/div>\n\t\t\t\t<\/div>\n\t\t\t\t<div class=\"elementor-element elementor-element-7ac3690 elementor-widget elementor-widget-text-editor\" data-id=\"7ac3690\" data-element_type=\"widget\" data-e-type=\"widget\" data-widget_type=\"text-editor.default\">\n\t\t\t\t<div class=\"elementor-widget-container\">\n\t\t\t\t\t\t\t\t\t<hr \/><blockquote><h4 style=\"text-align: center;\"><span style=\"color: #999999;\">El campo de la medicina en M\u00e9xico ha sido testigo de una sorprendente evoluci\u00f3n durante los \u00faltimos a\u00f1os. Este desarrollo fue integral y abarc\u00f3 todas las ramas de la medicina, incluida la pr\u00e1ctica m\u00e9dica ENT en particular.<\/span><\/h4><h4 style=\"text-align: center;\"><span style=\"color: #999999;\">De hecho, los cirujanos otorrinolaring\u00f3logos mexicanos est\u00e1n al d\u00eda con las \u00faltimas tendencias m\u00e9dicas en t\u00e9rminos de DX, TX y protocolos de cirug\u00eda de o\u00eddo y garganta, y son los expertos en cirug\u00eda nasal, funcional y cosm\u00e9tica.<\/span><\/h4><\/blockquote>\t\t\t\t\t\t\t\t<\/div>\n\t\t\t\t<\/div>\n\t\t\t\t<div class=\"elementor-element elementor-element-1bc86aa elementor-widget-divider--view-line_icon elementor-view-default elementor-widget-divider--element-align-center elementor-widget elementor-widget-divider\" data-id=\"1bc86aa\" data-element_type=\"widget\" data-e-type=\"widget\" data-widget_type=\"divider.default\">\n\t\t\t\t<div class=\"elementor-widget-container\">\n\t\t\t\t\t\t\t<div class=\"elementor-divider\">\n\t\t\t<span class=\"elementor-divider-separator\">\n\t\t\t\t\t\t\t<div class=\"elementor-icon elementor-divider__element\">\n\t\t\t\t\t<i aria-hidden=\"true\" class=\"fas fa-hand-holding-medical\"><\/i><\/div>\n\t\t\t\t\t\t<\/span>\n\t\t<\/div>\n\t\t\t\t\t\t<\/div>\n\t\t\t\t<\/div>\n\t\t\t\t<div class=\"elementor-element elementor-element-46b2380 elementor-widget elementor-widget-heading\" data-id=\"46b2380\" data-element_type=\"widget\" data-e-type=\"widget\" data-widget_type=\"heading.default\">\n\t\t\t\t<div class=\"elementor-widget-container\">\n\t\t\t\t\t<h2 class=\"elementor-heading-title elementor-size-default\">Cuando visitar a un Otorrinolaring\u00f3logo?<\/h2>\t\t\t\t<\/div>\n\t\t\t\t<\/div>\n\t\t\t\t<div class=\"elementor-element elementor-element-ddb90fc elementor-widget elementor-widget-text-editor\" data-id=\"ddb90fc\" data-element_type=\"widget\" data-e-type=\"widget\" data-widget_type=\"text-editor.default\">\n\t\t\t\t<div class=\"elementor-widget-container\">\n\t\t\t\t\t\t\t\t\t<blockquote><h3 style=\"text-align: center;\"><span style=\"color: #999999;\">Cuando aparecen molestias en nariz, garganta, o\u00eddo, cabeza y cuello que afectan o perjudican el normal desarrollo de la actividad diaria.<\/span><br \/><span style=\"color: #999999;\">.<\/span><\/h3><\/blockquote>\t\t\t\t\t\t\t\t<\/div>\n\t\t\t\t<\/div>\n\t\t\t\t<div class=\"elementor-element elementor-element-b66099a elementor-widget-divider--view-line_icon elementor-view-default elementor-widget-divider--element-align-center elementor-widget elementor-widget-divider\" data-id=\"b66099a\" data-element_type=\"widget\" data-e-type=\"widget\" data-widget_type=\"divider.default\">\n\t\t\t\t<div class=\"elementor-widget-container\">\n\t\t\t\t\t\t\t<div class=\"elementor-divider\">\n\t\t\t<span class=\"elementor-divider-separator\">\n\t\t\t\t\t\t\t<div class=\"elementor-icon elementor-divider__element\">\n\t\t\t\t\t<i aria-hidden=\"true\" class=\"fas fa-hand-holding-medical\"><\/i><\/div>\n\t\t\t\t\t\t<\/span>\n\t\t<\/div>\n\t\t\t\t\t\t<\/div>\n\t\t\t\t<\/div>\n\t\t\t\t\t<\/div>\n\t\t\t\t<\/div>\n\t\t<div class=\"elementor-element elementor-element-250c8ef e-flex e-con-boxed e-con e-parent\" data-id=\"250c8ef\" data-element_type=\"container\" data-e-type=\"container\">\n\t\t\t\t\t<div class=\"e-con-inner\">\n\t\t<div class=\"elementor-element elementor-element-8cb1efb e-con-full e-flex e-con e-child\" data-id=\"8cb1efb\" data-element_type=\"container\" data-e-type=\"container\">\n\t\t\t\t<div class=\"elementor-element elementor-element-bbc7a47 elementor-widget elementor-widget-image\" data-id=\"bbc7a47\" data-element_type=\"widget\" data-e-type=\"widget\" data-widget_type=\"image.default\">\n\t\t\t\t<div class=\"elementor-widget-container\">\n\t\t\t\t\t\t\t\t\t\t\t\t\t\t\t<img decoding=\"async\" width=\"91\" height=\"91\" src=\"https:\/\/u-medicare.com\/wp-content\/uploads\/2023\/09\/garganta.png\" class=\"attachment-large size-large wp-image-4534\" alt=\"\" srcset=\"https:\/\/u-medicare.com\/wp-content\/uploads\/2023\/09\/garganta.png 91w, https:\/\/u-medicare.com\/wp-content\/uploads\/2023\/09\/garganta-12x12.png 12w\" sizes=\"(max-width: 91px) 100vw, 91px\" \/>\t\t\t\t\t\t\t\t\t\t\t\t\t\t\t<\/div>\n\t\t\t\t<\/div>\n\t\t\t\t<div class=\"elementor-element elementor-element-b9476a3 elementor-widget elementor-widget-text-editor\" data-id=\"b9476a3\" data-element_type=\"widget\" data-e-type=\"widget\" data-widget_type=\"text-editor.default\">\n\t\t\t\t<div class=\"elementor-widget-container\">\n\t\t\t\t\t\t\t\t\t<h3 style=\"text-align: center;\"><span style=\"color: #7da0af;\">GARGANTA<\/span><\/h3>\t\t\t\t\t\t\t\t<\/div>\n\t\t\t\t<\/div>\n\t\t\t\t<div class=\"elementor-element elementor-element-4f20d51 elementor-widget elementor-widget-image\" data-id=\"4f20d51\" data-element_type=\"widget\" data-e-type=\"widget\" data-widget_type=\"image.default\">\n\t\t\t\t<div class=\"elementor-widget-container\">\n\t\t\t\t\t\t\t\t\t\t\t\t\t\t\t<img loading=\"lazy\" decoding=\"async\" width=\"532\" height=\"438\" src=\"https:\/\/u-medicare.com\/wp-content\/uploads\/2019\/07\/garganta.png\" class=\"attachment-large size-large wp-image-3426\" alt=\"\" srcset=\"https:\/\/u-medicare.com\/wp-content\/uploads\/2019\/07\/garganta.png 532w, https:\/\/u-medicare.com\/wp-content\/uploads\/2019\/07\/garganta-300x247.png 300w\" sizes=\"(max-width: 532px) 100vw, 532px\" \/>\t\t\t\t\t\t\t\t\t\t\t\t\t\t\t<\/div>\n\t\t\t\t<\/div>\n\t\t\t\t<\/div>\n\t\t<div class=\"elementor-element elementor-element-e102249 e-con-full e-flex e-con e-child\" data-id=\"e102249\" data-element_type=\"container\" data-e-type=\"container\">\n\t\t\t\t<div class=\"elementor-element elementor-element-e352987 elementor-widget elementor-widget-image\" data-id=\"e352987\" data-element_type=\"widget\" data-e-type=\"widget\" data-widget_type=\"image.default\">\n\t\t\t\t<div class=\"elementor-widget-container\">\n\t\t\t\t\t\t\t\t\t\t\t\t\t\t\t<img loading=\"lazy\" decoding=\"async\" width=\"91\" height=\"91\" src=\"https:\/\/u-medicare.com\/wp-content\/uploads\/2023\/09\/riz.png\" class=\"attachment-large size-large wp-image-4538\" alt=\"\" srcset=\"https:\/\/u-medicare.com\/wp-content\/uploads\/2023\/09\/riz.png 91w, https:\/\/u-medicare.com\/wp-content\/uploads\/2023\/09\/riz-12x12.png 12w\" sizes=\"(max-width: 91px) 100vw, 91px\" \/>\t\t\t\t\t\t\t\t\t\t\t\t\t\t\t<\/div>\n\t\t\t\t<\/div>\n\t\t\t\t<div class=\"elementor-element elementor-element-fbc5819 elementor-widget elementor-widget-text-editor\" data-id=\"fbc5819\" data-element_type=\"widget\" data-e-type=\"widget\" data-widget_type=\"text-editor.default\">\n\t\t\t\t<div class=\"elementor-widget-container\">\n\t\t\t\t\t\t\t\t\t<h3 style=\"text-align: center;\"><span style=\"color: #7da0af;\">NARIZ<\/span><\/h3>\t\t\t\t\t\t\t\t<\/div>\n\t\t\t\t<\/div>\n\t\t\t\t<div class=\"elementor-element elementor-element-93e3f19 elementor-widget elementor-widget-image\" data-id=\"93e3f19\" data-element_type=\"widget\" data-e-type=\"widget\" data-widget_type=\"image.default\">\n\t\t\t\t<div class=\"elementor-widget-container\">\n\t\t\t\t\t\t\t\t\t\t\t\t\t\t\t<img loading=\"lazy\" decoding=\"async\" width=\"532\" height=\"437\" src=\"https:\/\/u-medicare.com\/wp-content\/uploads\/2019\/07\/nariz.png\" class=\"attachment-large size-large wp-image-3425\" alt=\"\" srcset=\"https:\/\/u-medicare.com\/wp-content\/uploads\/2019\/07\/nariz.png 532w, https:\/\/u-medicare.com\/wp-content\/uploads\/2019\/07\/nariz-300x246.png 300w\" sizes=\"(max-width: 532px) 100vw, 532px\" \/>\t\t\t\t\t\t\t\t\t\t\t\t\t\t\t<\/div>\n\t\t\t\t<\/div>\n\t\t\t\t<\/div>\n\t\t<div class=\"elementor-element elementor-element-572ab67 e-con-full e-flex e-con e-child\" data-id=\"572ab67\" data-element_type=\"container\" data-e-type=\"container\">\n\t\t\t\t<div class=\"elementor-element elementor-element-1a0bc55 elementor-widget elementor-widget-image\" data-id=\"1a0bc55\" data-element_type=\"widget\" data-e-type=\"widget\" data-widget_type=\"image.default\">\n\t\t\t\t<div class=\"elementor-widget-container\">\n\t\t\t\t\t\t\t\t\t\t\t\t\t\t\t<img loading=\"lazy\" decoding=\"async\" width=\"91\" height=\"91\" src=\"https:\/\/u-medicare.com\/wp-content\/uploads\/2023\/09\/oido.png\" class=\"attachment-large size-large wp-image-4536\" alt=\"\" srcset=\"https:\/\/u-medicare.com\/wp-content\/uploads\/2023\/09\/oido.png 91w, https:\/\/u-medicare.com\/wp-content\/uploads\/2023\/09\/oido-12x12.png 12w\" sizes=\"(max-width: 91px) 100vw, 91px\" \/>\t\t\t\t\t\t\t\t\t\t\t\t\t\t\t<\/div>\n\t\t\t\t<\/div>\n\t\t\t\t<div class=\"elementor-element elementor-element-e59b0c3 elementor-widget elementor-widget-text-editor\" data-id=\"e59b0c3\" data-element_type=\"widget\" data-e-type=\"widget\" data-widget_type=\"text-editor.default\">\n\t\t\t\t<div class=\"elementor-widget-container\">\n\t\t\t\t\t\t\t\t\t<h3 style=\"text-align: center;\"><span style=\"color: #7da0af;\">OIDOS<\/span><\/h3>\t\t\t\t\t\t\t\t<\/div>\n\t\t\t\t<\/div>\n\t\t\t\t<div class=\"elementor-element elementor-element-3fba768 elementor-widget elementor-widget-image\" data-id=\"3fba768\" data-element_type=\"widget\" data-e-type=\"widget\" data-widget_type=\"image.default\">\n\t\t\t\t<div class=\"elementor-widget-container\">\n\t\t\t\t\t\t\t\t\t\t\t\t\t\t\t<img loading=\"lazy\" decoding=\"async\" width=\"532\" height=\"438\" src=\"https:\/\/u-medicare.com\/wp-content\/uploads\/2019\/07\/oido.png\" class=\"attachment-large size-large wp-image-3422\" alt=\"\" srcset=\"https:\/\/u-medicare.com\/wp-content\/uploads\/2019\/07\/oido.png 532w, https:\/\/u-medicare.com\/wp-content\/uploads\/2019\/07\/oido-300x247.png 300w\" sizes=\"(max-width: 532px) 100vw, 532px\" \/>\t\t\t\t\t\t\t\t\t\t\t\t\t\t\t<\/div>\n\t\t\t\t<\/div>\n\t\t\t\t<\/div>\n\t\t\t\t\t<\/div>\n\t\t\t\t<\/div>\n\t\t<div class=\"elementor-element elementor-element-f581638 e-flex e-con-boxed e-con e-parent\" data-id=\"f581638\" data-element_type=\"container\" data-e-type=\"container\">\n\t\t\t\t\t<div class=\"e-con-inner\">\n\t\t\t\t<div class=\"elementor-element elementor-element-af295f6 elementor-widget elementor-widget-image\" data-id=\"af295f6\" data-element_type=\"widget\" data-e-type=\"widget\" data-widget_type=\"image.default\">\n\t\t\t\t<div class=\"elementor-widget-container\">\n\t\t\t\t\t\t\t\t\t\t\t\t\t\t\t<img loading=\"lazy\" decoding=\"async\" width=\"1024\" height=\"655\" src=\"https:\/\/u-medicare.com\/wp-content\/uploads\/2023\/09\/Ent-Doctor-Puerto-Vallarta-Mexico-Rhinoplasty-2-1024x655.jpeg\" class=\"attachment-large size-large wp-image-4515\" alt=\"\" srcset=\"https:\/\/u-medicare.com\/wp-content\/uploads\/2023\/09\/Ent-Doctor-Puerto-Vallarta-Mexico-Rhinoplasty-2-1024x655.jpeg 1024w, https:\/\/u-medicare.com\/wp-content\/uploads\/2023\/09\/Ent-Doctor-Puerto-Vallarta-Mexico-Rhinoplasty-2-300x192.jpeg 300w, https:\/\/u-medicare.com\/wp-content\/uploads\/2023\/09\/Ent-Doctor-Puerto-Vallarta-Mexico-Rhinoplasty-2-768x491.jpeg 768w, https:\/\/u-medicare.com\/wp-content\/uploads\/2023\/09\/Ent-Doctor-Puerto-Vallarta-Mexico-Rhinoplasty-2-1536x983.jpeg 1536w, https:\/\/u-medicare.com\/wp-content\/uploads\/2023\/09\/Ent-Doctor-Puerto-Vallarta-Mexico-Rhinoplasty-2-2048x1310.jpeg 2048w, https:\/\/u-medicare.com\/wp-content\/uploads\/2023\/09\/Ent-Doctor-Puerto-Vallarta-Mexico-Rhinoplasty-2-18x12.jpeg 18w\" sizes=\"(max-width: 1024px) 100vw, 1024px\" \/>\t\t\t\t\t\t\t\t\t\t\t\t\t\t\t<\/div>\n\t\t\t\t<\/div>\n\t\t\t\t\t<\/div>\n\t\t\t\t<\/div>\n\t\t<div class=\"elementor-element elementor-element-7c45aa0 e-flex e-con-boxed e-con e-parent\" data-id=\"7c45aa0\" data-element_type=\"container\" data-e-type=\"container\">\n\t\t\t\t\t<div class=\"e-con-inner\">\n\t\t\t\t<div class=\"elementor-element elementor-element-ddeb651 elementor-widget elementor-widget-text-editor\" data-id=\"ddeb651\" data-element_type=\"widget\" data-e-type=\"widget\" data-widget_type=\"text-editor.default\">\n\t\t\t\t<div class=\"elementor-widget-container\">\n\t\t\t\t\t\t\t\t\t<blockquote><h3 style=\"text-align: center;\"><span style=\"color: #999999;\">La rinoplastia, tambi\u00e9n conocida como cirug\u00eda de nariz, es uno de los tipos de cirug\u00eda est\u00e9tica m\u00e1s populares. La rinoplastia remodela su nariz para mejorar su apariencia o para solucionar problemas m\u00e9dicos que interfieren con su respiraci\u00f3n. Puede corregir un tabique desviado o una nariz rota.<\/span><\/h3><hr \/><h3>\u00a0<\/h3><h3 style=\"text-align: center;\"><span style=\"color: #7da0af;\">\u00bfQu\u00e9 hace la rinoplastia?<\/span><\/h3><h3 style=\"text-align: center;\"><span style=\"color: #999999;\">Corrija una nariz que se vea bulbosa, respingona, aguile\u00f1a o ca\u00edda.<\/span><br \/><span style=\"color: #999999;\">Corregir un tabique desviado.<\/span><br \/><span style=\"color: #999999;\">Repare las fosas nasales que sean demasiado anchas, demasiado peque\u00f1as, demasiado grandes o que est\u00e9n hacia arriba.<\/span><br \/><span style=\"color: #999999;\">Desh\u00e1gase de las protuberancias o protuberancias visibles en el puente de la nariz.<\/span><br \/><span style=\"color: #999999;\">Haz una nariz m\u00e1s peque\u00f1a o m\u00e1s grande para crear equilibrio facial.<\/span><br \/><span style=\"color: #999999;\">Abra los conductos nasales bloqueados.<\/span><\/h3><\/blockquote>\t\t\t\t\t\t\t\t<\/div>\n\t\t\t\t<\/div>\n\t\t\t\t\t<\/div>\n\t\t\t\t<\/div>\n\t\t<div class=\"elementor-element elementor-element-7fdd4cb e-flex e-con-boxed e-con e-parent\" data-id=\"7fdd4cb\" data-element_type=\"container\" data-e-type=\"container\">\n\t\t\t\t\t<div class=\"e-con-inner\">\n\t\t<div class=\"elementor-element elementor-element-be544ad e-con-full e-flex e-con e-child\" data-id=\"be544ad\" data-element_type=\"container\" data-e-type=\"container\">\n\t\t\t\t<div class=\"elementor-element elementor-element-76dfc4e elementor-widget elementor-widget-image\" data-id=\"76dfc4e\" data-element_type=\"widget\" data-e-type=\"widget\" data-widget_type=\"image.default\">\n\t\t\t\t<div class=\"elementor-widget-container\">\n\t\t\t\t\t\t\t\t\t\t\t\t\t\t\t<img loading=\"lazy\" decoding=\"async\" width=\"1024\" height=\"1024\" src=\"https:\/\/u-medicare.com\/wp-content\/uploads\/2023\/09\/Instagram-Cook-1024x1024.jpeg\" class=\"attachment-large size-large wp-image-4533\" alt=\"\" srcset=\"https:\/\/u-medicare.com\/wp-content\/uploads\/2023\/09\/Instagram-Cook-1024x1024.jpeg 1024w, https:\/\/u-medicare.com\/wp-content\/uploads\/2023\/09\/Instagram-Cook-300x300.jpeg 300w, https:\/\/u-medicare.com\/wp-content\/uploads\/2023\/09\/Instagram-Cook-150x150.jpeg 150w, https:\/\/u-medicare.com\/wp-content\/uploads\/2023\/09\/Instagram-Cook-768x768.jpeg 768w, https:\/\/u-medicare.com\/wp-content\/uploads\/2023\/09\/Instagram-Cook-12x12.jpeg 12w, https:\/\/u-medicare.com\/wp-content\/uploads\/2023\/09\/Instagram-Cook.jpeg 1425w\" sizes=\"(max-width: 1024px) 100vw, 1024px\" \/>\t\t\t\t\t\t\t\t\t\t\t\t\t\t\t<\/div>\n\t\t\t\t<\/div>\n\t\t\t\t<\/div>\n\t\t<div class=\"elementor-element elementor-element-3f2fe7f e-con-full e-flex e-con e-child\" data-id=\"3f2fe7f\" data-element_type=\"container\" data-e-type=\"container\">\n\t\t\t\t<div class=\"elementor-element elementor-element-bdb5b7e elementor-widget elementor-widget-image\" data-id=\"bdb5b7e\" data-element_type=\"widget\" data-e-type=\"widget\" data-widget_type=\"image.default\">\n\t\t\t\t<div class=\"elementor-widget-container\">\n\t\t\t\t\t\t\t\t\t\t\t\t\t\t\t<img loading=\"lazy\" decoding=\"async\" width=\"1024\" height=\"1024\" src=\"https:\/\/u-medicare.com\/wp-content\/uploads\/2023\/09\/Instagram-Cook-1-1024x1024.jpeg\" class=\"attachment-large size-large wp-image-4532\" alt=\"\" srcset=\"https:\/\/u-medicare.com\/wp-content\/uploads\/2023\/09\/Instagram-Cook-1-1024x1024.jpeg 1024w, https:\/\/u-medicare.com\/wp-content\/uploads\/2023\/09\/Instagram-Cook-1-300x300.jpeg 300w, https:\/\/u-medicare.com\/wp-content\/uploads\/2023\/09\/Instagram-Cook-1-150x150.jpeg 150w, https:\/\/u-medicare.com\/wp-content\/uploads\/2023\/09\/Instagram-Cook-1-768x768.jpeg 768w, https:\/\/u-medicare.com\/wp-content\/uploads\/2023\/09\/Instagram-Cook-1-12x12.jpeg 12w, https:\/\/u-medicare.com\/wp-content\/uploads\/2023\/09\/Instagram-Cook-1.jpeg 1425w\" sizes=\"(max-width: 1024px) 100vw, 1024px\" \/>\t\t\t\t\t\t\t\t\t\t\t\t\t\t\t<\/div>\n\t\t\t\t<\/div>\n\t\t\t\t<\/div>\n\t\t<div class=\"elementor-element elementor-element-6e8d11d e-con-full e-flex e-con e-child\" data-id=\"6e8d11d\" data-element_type=\"container\" data-e-type=\"container\">\n\t\t\t\t<div class=\"elementor-element elementor-element-f47d0f9 elementor-widget elementor-widget-image\" data-id=\"f47d0f9\" data-element_type=\"widget\" data-e-type=\"widget\" data-widget_type=\"image.default\">\n\t\t\t\t<div class=\"elementor-widget-container\">\n\t\t\t\t\t\t\t\t\t\t\t\t\t\t\t<img loading=\"lazy\" decoding=\"async\" width=\"1024\" height=\"1024\" src=\"https:\/\/u-medicare.com\/wp-content\/uploads\/2023\/09\/Instagram-Cook-2-1024x1024.jpeg\" class=\"attachment-large size-large wp-image-4531\" alt=\"\" srcset=\"https:\/\/u-medicare.com\/wp-content\/uploads\/2023\/09\/Instagram-Cook-2-1024x1024.jpeg 1024w, https:\/\/u-medicare.com\/wp-content\/uploads\/2023\/09\/Instagram-Cook-2-300x300.jpeg 300w, https:\/\/u-medicare.com\/wp-content\/uploads\/2023\/09\/Instagram-Cook-2-150x150.jpeg 150w, https:\/\/u-medicare.com\/wp-content\/uploads\/2023\/09\/Instagram-Cook-2-768x768.jpeg 768w, https:\/\/u-medicare.com\/wp-content\/uploads\/2023\/09\/Instagram-Cook-2-12x12.jpeg 12w, https:\/\/u-medicare.com\/wp-content\/uploads\/2023\/09\/Instagram-Cook-2.jpeg 1425w\" sizes=\"(max-width: 1024px) 100vw, 1024px\" \/>\t\t\t\t\t\t\t\t\t\t\t\t\t\t\t<\/div>\n\t\t\t\t<\/div>\n\t\t\t\t<\/div>\n\t\t<div class=\"elementor-element elementor-element-a8d7bbf e-con-full e-flex e-con e-child\" data-id=\"a8d7bbf\" data-element_type=\"container\" data-e-type=\"container\">\n\t\t\t\t<div class=\"elementor-element elementor-element-38a3704 elementor-widget elementor-widget-image\" data-id=\"38a3704\" data-element_type=\"widget\" data-e-type=\"widget\" data-widget_type=\"image.default\">\n\t\t\t\t<div class=\"elementor-widget-container\">\n\t\t\t\t\t\t\t\t\t\t\t\t\t\t\t<img loading=\"lazy\" decoding=\"async\" width=\"1024\" height=\"1024\" src=\"https:\/\/u-medicare.com\/wp-content\/uploads\/2023\/09\/Instagram-Cook-3-1024x1024.jpeg\" class=\"attachment-large size-large wp-image-4530\" alt=\"\" srcset=\"https:\/\/u-medicare.com\/wp-content\/uploads\/2023\/09\/Instagram-Cook-3-1024x1024.jpeg 1024w, https:\/\/u-medicare.com\/wp-content\/uploads\/2023\/09\/Instagram-Cook-3-300x300.jpeg 300w, https:\/\/u-medicare.com\/wp-content\/uploads\/2023\/09\/Instagram-Cook-3-150x150.jpeg 150w, https:\/\/u-medicare.com\/wp-content\/uploads\/2023\/09\/Instagram-Cook-3-768x768.jpeg 768w, https:\/\/u-medicare.com\/wp-content\/uploads\/2023\/09\/Instagram-Cook-3-12x12.jpeg 12w, https:\/\/u-medicare.com\/wp-content\/uploads\/2023\/09\/Instagram-Cook-3.jpeg 1425w\" sizes=\"(max-width: 1024px) 100vw, 1024px\" \/>\t\t\t\t\t\t\t\t\t\t\t\t\t\t\t<\/div>\n\t\t\t\t<\/div>\n\t\t\t\t<\/div>\n\t\t\t\t\t<\/div>\n\t\t\t\t<\/div>\n\t\t<div class=\"elementor-element elementor-element-6b8a9dd e-flex e-con-boxed e-con e-parent\" data-id=\"6b8a9dd\" data-element_type=\"container\" data-e-type=\"container\">\n\t\t\t\t\t<div class=\"e-con-inner\">\n\t\t\t\t<div class=\"elementor-element elementor-element-7d54d61 elementor-widget-divider--view-line_icon elementor-view-default elementor-widget-divider--element-align-center elementor-widget elementor-widget-divider\" data-id=\"7d54d61\" data-element_type=\"widget\" data-e-type=\"widget\" data-widget_type=\"divider.default\">\n\t\t\t\t<div class=\"elementor-widget-container\">\n\t\t\t\t\t\t\t<div class=\"elementor-divider\">\n\t\t\t<span class=\"elementor-divider-separator\">\n\t\t\t\t\t\t\t<div class=\"elementor-icon elementor-divider__element\">\n\t\t\t\t\t<i aria-hidden=\"true\" class=\"fas fa-hand-holding-medical\"><\/i><\/div>\n\t\t\t\t\t\t<\/span>\n\t\t<\/div>\n\t\t\t\t\t\t<\/div>\n\t\t\t\t<\/div>\n\t\t\t\t\t<\/div>\n\t\t\t\t<\/div>\n\t\t<div class=\"elementor-element elementor-element-91b5fac e-flex e-con-boxed e-con e-parent\" data-id=\"91b5fac\" data-element_type=\"container\" data-e-type=\"container\">\n\t\t\t\t\t<div class=\"e-con-inner\">\n\t\t\t\t<div class=\"elementor-element elementor-element-68b25b5 elementor-widget elementor-widget-heading\" data-id=\"68b25b5\" data-element_type=\"widget\" data-e-type=\"widget\" data-widget_type=\"heading.default\">\n\t\t\t\t<div class=\"elementor-widget-container\">\n\t\t\t\t\t<h2 class=\"elementor-heading-title elementor-size-default\">Haga una cita con la Dra. Karla Renata C\u00e1rdenas<\/h2>\t\t\t\t<\/div>\n\t\t\t\t<\/div>\n\t\t\t\t\t<\/div>\n\t\t\t\t<\/div>\n\t\t<div class=\"elementor-element elementor-element-3a84c59 e-flex e-con-boxed e-con e-parent\" data-id=\"3a84c59\" data-element_type=\"container\" data-e-type=\"container\">\n\t\t\t\t\t<div class=\"e-con-inner\">\n\t\t<div class=\"elementor-element elementor-element-47d57da e-con-full e-flex e-con e-child\" data-id=\"47d57da\" data-element_type=\"container\" data-e-type=\"container\">\n\t\t\t\t<div class=\"elementor-element elementor-element-4dbd674 elementor-icon-list--layout-traditional elementor-list-item-link-full_width elementor-widget elementor-widget-icon-list\" data-id=\"4dbd674\" data-element_type=\"widget\" data-e-type=\"widget\" data-widget_type=\"icon-list.default\">\n\t\t\t\t<div class=\"elementor-widget-container\">\n\t\t\t\t\t\t\t<ul class=\"elementor-icon-list-items\">\n\t\t\t\t\t\t\t<li class=\"elementor-icon-list-item\">\n\t\t\t\t\t\t\t\t\t\t\t<span class=\"elementor-icon-list-icon\">\n\t\t\t\t\t\t\t<i aria-hidden=\"true\" class=\"fas fa-home\"><\/i>\t\t\t\t\t\t<\/span>\n\t\t\t\t\t\t\t\t\t\t<span class=\"elementor-icon-list-text\">TORRE CORALIA - Av. Los Tules 162 Consultorio 305,  Col. Diaz Ordaz. Puerto Vallarta, Jalisco<\/span>\n\t\t\t\t\t\t\t\t\t<\/li>\n\t\t\t\t\t\t\t\t<li class=\"elementor-icon-list-item\">\n\t\t\t\t\t\t\t\t\t\t\t<span class=\"elementor-icon-list-icon\">\n\t\t\t\t\t\t\t<i aria-hidden=\"true\" class=\"far fa-calendar-alt\"><\/i>\t\t\t\t\t\t<\/span>\n\t\t\t\t\t\t\t\t\t\t<span class=\"elementor-icon-list-text\">LUNES A VIERNES DE 10:00 am a 1:30 pm <\/span>\n\t\t\t\t\t\t\t\t\t<\/li>\n\t\t\t\t\t\t\t\t<li class=\"elementor-icon-list-item\">\n\t\t\t\t\t\t\t\t\t\t\t<span class=\"elementor-icon-list-icon\">\n\t\t\t\t\t\t\t<i aria-hidden=\"true\" class=\"far fa-calendar-alt\"><\/i>\t\t\t\t\t\t<\/span>\n\t\t\t\t\t\t\t\t\t\t<span class=\"elementor-icon-list-text\">LUNES, MI\u00c9RCOLES Y VIERNES 10:00 am a 1:30 pm y 5:00 pm a 7:00 pm<\/span>\n\t\t\t\t\t\t\t\t\t<\/li>\n\t\t\t\t\t\t\t\t<li class=\"elementor-icon-list-item\">\n\t\t\t\t\t\t\t\t\t\t\t<span class=\"elementor-icon-list-icon\">\n\t\t\t\t\t\t\t<i aria-hidden=\"true\" class=\"fas fa-phone\"><\/i>\t\t\t\t\t\t<\/span>\n\t\t\t\t\t\t\t\t\t\t<span class=\"elementor-icon-list-text\">(+52) 322 229 03 10<\/span>\n\t\t\t\t\t\t\t\t\t<\/li>\n\t\t\t\t\t\t<\/ul>\n\t\t\t\t\t\t<\/div>\n\t\t\t\t<\/div>\n\t\t\t\t<\/div>\n\t\t<div class=\"elementor-element elementor-element-b435d59 e-con-full e-flex e-con e-child\" data-id=\"b435d59\" data-element_type=\"container\" data-e-type=\"container\">\n\t\t\t\t<div class=\"elementor-element elementor-element-9cda48f elementor-widget elementor-widget-image\" data-id=\"9cda48f\" data-element_type=\"widget\" data-e-type=\"widget\" data-widget_type=\"image.default\">\n\t\t\t\t<div class=\"elementor-widget-container\">\n\t\t\t\t\t\t\t\t\t\t\t\t\t\t\t<img loading=\"lazy\" decoding=\"async\" width=\"820\" height=\"312\" src=\"https:\/\/u-medicare.com\/wp-content\/uploads\/2025\/05\/302130061_475569927915673_6646692831207476569_n.png\" class=\"attachment-large size-large wp-image-5993\" alt=\"\" srcset=\"https:\/\/u-medicare.com\/wp-content\/uploads\/2025\/05\/302130061_475569927915673_6646692831207476569_n.png 820w, https:\/\/u-medicare.com\/wp-content\/uploads\/2025\/05\/302130061_475569927915673_6646692831207476569_n-300x114.png 300w, https:\/\/u-medicare.com\/wp-content\/uploads\/2025\/05\/302130061_475569927915673_6646692831207476569_n-768x292.png 768w, https:\/\/u-medicare.com\/wp-content\/uploads\/2025\/05\/302130061_475569927915673_6646692831207476569_n-18x7.png 18w\" sizes=\"(max-width: 820px) 100vw, 820px\" \/>\t\t\t\t\t\t\t\t\t\t\t\t\t\t\t<\/div>\n\t\t\t\t<\/div>\n\t\t\t\t<\/div>\n\t\t\t\t\t<\/div>\n\t\t\t\t<\/div>\n\t\t<div class=\"elementor-element elementor-element-bee7f16 e-flex e-con-boxed e-con e-parent\" data-id=\"bee7f16\" data-element_type=\"container\" data-e-type=\"container\">\n\t\t\t\t\t<div class=\"e-con-inner\">\n\t\t\t\t<div class=\"elementor-element elementor-element-4abc7e6 elementor-widget elementor-widget-google_maps\" data-id=\"4abc7e6\" data-element_type=\"widget\" data-e-type=\"widget\" data-widget_type=\"google_maps.default\">\n\t\t\t\t<div class=\"elementor-widget-container\">\n\t\t\t\t\t\t\t<div class=\"elementor-custom-embed\">\n\t\t\t<iframe loading=\"lazy\"\n\t\t\t\t\tsrc=\"https:\/\/maps.google.com\/maps?q=TORRE%20CORALIA&#038;t=m&#038;z=17&#038;output=embed&#038;iwloc=near\"\n\t\t\t\t\ttitle=\"TORRE CORALIA\"\n\t\t\t\t\taria-label=\"TORRE CORALIA\"\n\t\t\t><\/iframe>\n\t\t<\/div>\n\t\t\t\t\t\t<\/div>\n\t\t\t\t<\/div>\n\t\t\t\t\t<\/div>\n\t\t\t\t<\/div>\n\t\t\t\t<\/div>","protected":false},"excerpt":{"rendered":"<p>Dra. Karla Renata Cardenas ENT SpecialistVallarta Medical Center \u00a0 \u00a0 \u2013 Mexican Otorrinolaringology Society and H&amp;N surgeon.\u2013 Conacem\u2013 Society of Otorrinolaringologists and H&amp;N surgeon\u2013 UMA Centro M\u00e9dico Nacional de Occidente \u00a0 Dr. Renata C\u00e1rdenas, who is a member of the Mexican ENT society graduated from the University of Guadalajara, is an expert in functional, aesthetic &hellip;<\/p>\n<p class=\"read-more\"> <a class=\"\" href=\"https:\/\/u-medicare.com\/es\/dra-karla-renata-cardenas-otorrinolaringologo-puerto-vallarta-jalisco\/\"> <span class=\"screen-reader-text\">Dra. Karla Renata Cardenas, Otorrinolaring\u00f3logo, Puerto Vallarta, Jalisco<\/span> Leer m\u00e1s &raquo;<\/a><\/p>","protected":false},"author":1,"featured_media":0,"parent":0,"menu_order":0,"comment_status":"closed","ping_status":"closed","template":"","meta":{"site-sidebar-layout":"default","site-content-layout":"","ast-site-content-layout":"","site-content-style":"default","site-sidebar-style":"default","ast-global-header-display":"","ast-banner-title-visibility":"","ast-main-header-display":"","ast-hfb-above-header-display":"","ast-hfb-below-header-display":"","ast-hfb-mobile-header-display":"","site-post-title":"","ast-breadcrumbs-content":"","ast-featured-img":"","footer-sml-layout":"","theme-transparent-header-meta":"","adv-header-id-meta":"","stick-header-meta":"","header-above-stick-meta":"","header-main-stick-meta":"","header-below-stick-meta":"","astra-migrate-meta-layouts":"","footnotes":""},"class_list":["post-3499","page","type-page","status-publish","hentry"],"_links":{"self":[{"href":"https:\/\/u-medicare.com\/es\/wp-json\/wp\/v2\/pages\/3499","targetHints":{"allow":["GET"]}}],"collection":[{"href":"https:\/\/u-medicare.com\/es\/wp-json\/wp\/v2\/pages"}],"about":[{"href":"https:\/\/u-medicare.com\/es\/wp-json\/wp\/v2\/types\/page"}],"author":[{"embeddable":true,"href":"https:\/\/u-medicare.com\/es\/wp-json\/wp\/v2\/users\/1"}],"replies":[{"embeddable":true,"href":"https:\/\/u-medicare.com\/es\/wp-json\/wp\/v2\/comments?post=3499"}],"version-history":[{"count":32,"href":"https:\/\/u-medicare.com\/es\/wp-json\/wp\/v2\/pages\/3499\/revisions"}],"predecessor-version":[{"id":5999,"href":"https:\/\/u-medicare.com\/es\/wp-json\/wp\/v2\/pages\/3499\/revisions\/5999"}],"wp:attachment":[{"href":"https:\/\/u-medicare.com\/es\/wp-json\/wp\/v2\/media?parent=3499"}],"curies":[{"name":"wp","href":"https:\/\/api.w.org\/{rel}","templated":true}]}}