{"id":3933,"date":"2020-07-27T17:49:01","date_gmt":"2020-07-27T17:49:01","guid":{"rendered":"http:\/\/u-medicare.com\/?page_id=3933"},"modified":"2025-12-24T18:18:26","modified_gmt":"2025-12-24T18:18:26","slug":"dr-irving-sanchez-rodriguez-oncologia-radioterapia-puerto-vallarta","status":"publish","type":"page","link":"https:\/\/u-medicare.com\/es\/dr-irving-sanchez-rodriguez-oncologia-radioterapia-puerto-vallarta\/","title":{"rendered":"Dr. Irving S\u00e1nchez Rodr\u00edguez Oncolog\u00eda Radioterapia Puerto Vallarta"},"content":{"rendered":"<div data-elementor-type=\"wp-page\" data-elementor-id=\"3933\" class=\"elementor elementor-3933\" data-elementor-post-type=\"page\">\n\t\t\t\t<div class=\"elementor-element elementor-element-ab32a63 e-flex e-con-boxed e-con e-parent\" data-id=\"ab32a63\" data-element_type=\"container\" data-e-type=\"container\">\n\t\t\t\t\t<div class=\"e-con-inner\">\n\t\t\t\t<div class=\"elementor-element elementor-element-d64f21b elementor-widget elementor-widget-heading\" data-id=\"d64f21b\" data-element_type=\"widget\" data-e-type=\"widget\" data-widget_type=\"heading.default\">\n\t\t\t\t<div class=\"elementor-widget-container\">\n\t\t\t\t\t<h2 class=\"elementor-heading-title elementor-size-default\">Dr. Irving S\u00e1nchez Rodr\u00edguez\n \n\n<\/h2>\t\t\t\t<\/div>\n\t\t\t\t<\/div>\n\t\t\t\t\t<\/div>\n\t\t\t\t<\/div>\n\t\t<div class=\"elementor-element elementor-element-9f7d3dd e-flex e-con-boxed e-con e-parent\" data-id=\"9f7d3dd\" data-element_type=\"container\" data-e-type=\"container\">\n\t\t\t\t\t<div class=\"e-con-inner\">\n\t\t\t\t<div class=\"elementor-element elementor-element-30531d3 elementor-widget elementor-widget-text-editor\" data-id=\"30531d3\" data-element_type=\"widget\" data-e-type=\"widget\" data-widget_type=\"text-editor.default\">\n\t\t\t\t<div class=\"elementor-widget-container\">\n\t\t\t\t\t\t\t\t\t<h3 style=\"text-align: center;\"><span style=\"color: #999999;\">Onc\u00f3logos<\/span> \u2013 <span style=\"color: #999999;\">Radioterapia<\/span><br \/><span style=\"color: #999999;\">M\u00e9dico Especialista en Radiaci\u00f3n Oncol\u00f3gica<\/span><\/h3><p style=\"text-align: center;\">Certificado por el Consejo Mexicano de Certificaci\u00f3n en Radio Terapia<\/p>\t\t\t\t\t\t\t\t<\/div>\n\t\t\t\t<\/div>\n\t\t\t\t\t<\/div>\n\t\t\t\t<\/div>\n\t\t<div class=\"elementor-element elementor-element-4fd7e4b e-flex e-con-boxed e-con e-parent\" data-id=\"4fd7e4b\" data-element_type=\"container\" data-e-type=\"container\">\n\t\t\t\t\t<div class=\"e-con-inner\">\n\t\t\t\t<div class=\"elementor-element elementor-element-a8de112 elementor-widget-divider--view-line_icon elementor-view-default elementor-widget-divider--element-align-center elementor-widget elementor-widget-divider\" data-id=\"a8de112\" data-element_type=\"widget\" data-e-type=\"widget\" data-widget_type=\"divider.default\">\n\t\t\t\t<div class=\"elementor-widget-container\">\n\t\t\t\t\t\t\t<div class=\"elementor-divider\">\n\t\t\t<span class=\"elementor-divider-separator\">\n\t\t\t\t\t\t\t<div class=\"elementor-icon elementor-divider__element\">\n\t\t\t\t\t<i aria-hidden=\"true\" class=\"fas fa-hand-holding-medical\"><\/i><\/div>\n\t\t\t\t\t\t<\/span>\n\t\t<\/div>\n\t\t\t\t\t\t<\/div>\n\t\t\t\t<\/div>\n\t\t\t\t\t<\/div>\n\t\t\t\t<\/div>\n\t\t<div class=\"elementor-element elementor-element-a1be3af e-flex e-con-boxed e-con e-parent\" data-id=\"a1be3af\" data-element_type=\"container\" data-e-type=\"container\">\n\t\t\t\t\t<div class=\"e-con-inner\">\n\t\t\t\t<div class=\"elementor-element elementor-element-644fdc3 elementor-widget elementor-widget-heading\" data-id=\"644fdc3\" data-element_type=\"widget\" data-e-type=\"widget\" data-widget_type=\"heading.default\">\n\t\t\t\t<div class=\"elementor-widget-container\">\n\t\t\t\t\t<h2 class=\"elementor-heading-title elementor-size-default\">M\u00e9dicos Especialistas Onc\u00f3logos<\/h2>\t\t\t\t<\/div>\n\t\t\t\t<\/div>\n\t\t\t\t<div class=\"elementor-element elementor-element-e9c6dbb elementor-widget elementor-widget-text-editor\" data-id=\"e9c6dbb\" data-element_type=\"widget\" data-e-type=\"widget\" data-widget_type=\"text-editor.default\">\n\t\t\t\t<div class=\"elementor-widget-container\">\n\t\t\t\t\t\t\t\t\t<p style=\"text-align: center;\">Un equipo de profesionales m\u00e9dicos altamente capacitados estar\u00e1 involucrado en su atenci\u00f3n durante la radioterapia. Este equipo est\u00e1 dirigido por un onc\u00f3logo de Radio Ter\u00e1pia, un m\u00e9dico que se especializa en el uso de radiaci\u00f3n para tratar el c\u00e1ncer.<\/p><h3 style=\"text-align: center;\"><span style=\"color: #6ec1e4;\">\u00bf Qu\u00e9 es un Onc\u00f3logo Radioterapista  ?<\/span><\/h3><hr \/><p style=\"text-align: center;\">Un onc\u00f3logo radioterapeuta es un m\u00e9dico especializado en el tratamiento de personas con c\u00e1ncer. Utilizan la radiaci\u00f3n como la forma principal de tratar el c\u00e1ncer.<\/p>\t\t\t\t\t\t\t\t<\/div>\n\t\t\t\t<\/div>\n\t\t\t\t<div class=\"elementor-element elementor-element-eec8363 elementor-widget elementor-widget-heading\" data-id=\"eec8363\" data-element_type=\"widget\" data-e-type=\"widget\" data-widget_type=\"heading.default\">\n\t\t\t\t<div class=\"elementor-widget-container\">\n\t\t\t\t\t<h2 class=\"elementor-heading-title elementor-size-default\">El especialista onc\u00f3logo radioterapista :\n<\/h2>\t\t\t\t<\/div>\n\t\t\t\t<\/div>\n\t\t\t\t<div class=\"elementor-element elementor-element-ff16e62 elementor-widget elementor-widget-text-editor\" data-id=\"ff16e62\" data-element_type=\"widget\" data-e-type=\"widget\" data-widget_type=\"text-editor.default\">\n\t\t\t\t<div class=\"elementor-widget-container\">\n\t\t\t\t\t\t\t\t\t<ul><li>Decidir\u00e1 la cantidad de radiaci\u00f3n que recibe para su tratamiento contra el c\u00e1ncer.<\/li><li>Planea c\u00f3mo se administrar\u00e1 tu tratamiento contra el c\u00e1ncer<\/li><li>Te sigue de cerca durante tu tratamiento contra el c\u00e1ncer<\/li><li>Dirige cualquier atenci\u00f3n que necesite para ayudar a controlar los efectos secundarios que pueda tener durante y despu\u00e9s de su tratamiento contra el c\u00e1ncer.<\/li><li>Una vez finalizado su tratamiento, su onc\u00f3logo radioterapeuta lo atender\u00e1 para visitas de seguimiento.<\/li><li>En estas visitas, su onc\u00f3logo radioterapeuta descubrir\u00e1 qu\u00e9 tan bien funcion\u00f3 la radiaci\u00f3n para tratar su c\u00e1ncer y lo ayudar\u00e1 con cualquier efecto secundario (cambios no deseados en su cuerpo) que pueda tener.<\/li><\/ul>\t\t\t\t\t\t\t\t<\/div>\n\t\t\t\t<\/div>\n\t\t\t\t\t<\/div>\n\t\t\t\t<\/div>\n\t\t<div class=\"elementor-element elementor-element-c597604 e-flex e-con-boxed e-con e-parent\" data-id=\"c597604\" data-element_type=\"container\" data-e-type=\"container\">\n\t\t\t\t\t<div class=\"e-con-inner\">\n\t\t\t\t<div class=\"elementor-element elementor-element-f1177ee elementor-widget-divider--view-line_icon elementor-view-default elementor-widget-divider--element-align-center elementor-widget elementor-widget-divider\" data-id=\"f1177ee\" data-element_type=\"widget\" data-e-type=\"widget\" data-widget_type=\"divider.default\">\n\t\t\t\t<div class=\"elementor-widget-container\">\n\t\t\t\t\t\t\t<div class=\"elementor-divider\">\n\t\t\t<span class=\"elementor-divider-separator\">\n\t\t\t\t\t\t\t<div class=\"elementor-icon elementor-divider__element\">\n\t\t\t\t\t<i aria-hidden=\"true\" class=\"fas fa-hand-holding-medical\"><\/i><\/div>\n\t\t\t\t\t\t<\/span>\n\t\t<\/div>\n\t\t\t\t\t\t<\/div>\n\t\t\t\t<\/div>\n\t\t\t\t\t<\/div>\n\t\t\t\t<\/div>\n\t\t<div class=\"elementor-element elementor-element-28db39c e-flex e-con-boxed e-con e-parent\" data-id=\"28db39c\" data-element_type=\"container\" data-e-type=\"container\">\n\t\t\t\t\t<div class=\"e-con-inner\">\n\t\t\t\t\t<\/div>\n\t\t\t\t<\/div>\n\t\t<div class=\"elementor-element elementor-element-5784cea e-flex e-con-boxed e-con e-parent\" data-id=\"5784cea\" data-element_type=\"container\" data-e-type=\"container\">\n\t\t\t\t\t<div class=\"e-con-inner\">\n\t\t<div class=\"elementor-element elementor-element-a50debc e-con-full e-flex e-con e-child\" data-id=\"a50debc\" data-element_type=\"container\" data-e-type=\"container\">\n\t\t\t\t<div class=\"elementor-element elementor-element-bd42fa4 elementor--h-position-center elementor--v-position-middle elementor-arrows-position-inside elementor-pagination-position-inside elementor-widget elementor-widget-slides\" data-id=\"bd42fa4\" data-element_type=\"widget\" data-e-type=\"widget\" data-settings=\"{&quot;navigation&quot;:&quot;both&quot;,&quot;autoplay&quot;:&quot;yes&quot;,&quot;pause_on_hover&quot;:&quot;yes&quot;,&quot;pause_on_interaction&quot;:&quot;yes&quot;,&quot;autoplay_speed&quot;:5000,&quot;infinite&quot;:&quot;yes&quot;,&quot;transition&quot;:&quot;slide&quot;,&quot;transition_speed&quot;:500}\" data-widget_type=\"slides.default\">\n\t\t\t\t<div class=\"elementor-widget-container\">\n\t\t\t\t\t\t\t\t\t<div class=\"elementor-swiper\">\n\t\t\t\t\t<div class=\"elementor-slides-wrapper elementor-main-swiper swiper\" role=\"region\" aria-roledescription=\"carousel\" aria-label=\"Diapositivas\" dir=\"ltr\" data-animation=\"fadeInUp\">\n\t\t\t\t<div class=\"swiper-wrapper elementor-slides\">\n\t\t\t\t\t\t\t\t\t\t<div class=\"elementor-repeater-item-b50e89e swiper-slide\" role=\"group\" aria-roledescription=\"slide\"><div class=\"swiper-slide-bg\" role=\"img\"><\/div><div class=\"swiper-slide-inner\" ><div class=\"swiper-slide-contents\"><\/div><\/div><\/div><div class=\"elementor-repeater-item-9640968 swiper-slide\" role=\"group\" aria-roledescription=\"slide\"><div class=\"swiper-slide-bg\" role=\"img\"><\/div><div class=\"swiper-slide-inner\" ><div class=\"swiper-slide-contents\"><\/div><\/div><\/div>\t\t\t\t<\/div>\n\t\t\t\t\t\t\t\t\t\t\t\t\t\t\t<div class=\"elementor-swiper-button elementor-swiper-button-prev\" role=\"button\" tabindex=\"0\" aria-label=\"Previous slide\">\n\t\t\t\t\t\t\t<i aria-hidden=\"true\" class=\"eicon-chevron-left\"><\/i>\t\t\t\t\t\t<\/div>\n\t\t\t\t\t\t<div class=\"elementor-swiper-button elementor-swiper-button-next\" role=\"button\" tabindex=\"0\" aria-label=\"Next slide\">\n\t\t\t\t\t\t\t<i aria-hidden=\"true\" class=\"eicon-chevron-right\"><\/i>\t\t\t\t\t\t<\/div>\n\t\t\t\t\t\t\t\t\t\t\t\t\t\t\t\t<div class=\"swiper-pagination\"><\/div>\n\t\t\t\t\t\t\t\t\t\t\t\t<\/div>\n\t\t\t\t<\/div>\n\t\t\t\t\t\t\t\t<\/div>\n\t\t\t\t<\/div>\n\t\t\t\t<\/div>\n\t\t<div class=\"elementor-element elementor-element-f7af020 e-con-full e-flex e-con e-child\" data-id=\"f7af020\" data-element_type=\"container\" data-e-type=\"container\">\n\t\t\t\t<div class=\"elementor-element elementor-element-bb50808 elementor-widget elementor-widget-spacer\" data-id=\"bb50808\" data-element_type=\"widget\" data-e-type=\"widget\" data-widget_type=\"spacer.default\">\n\t\t\t\t<div class=\"elementor-widget-container\">\n\t\t\t\t\t\t\t<div class=\"elementor-spacer\">\n\t\t\t<div class=\"elementor-spacer-inner\"><\/div>\n\t\t<\/div>\n\t\t\t\t\t\t<\/div>\n\t\t\t\t<\/div>\n\t\t\t\t<div class=\"elementor-element elementor-element-02c6a20 elementor-widget elementor-widget-heading\" data-id=\"02c6a20\" data-element_type=\"widget\" data-e-type=\"widget\" data-widget_type=\"heading.default\">\n\t\t\t\t<div class=\"elementor-widget-container\">\n\t\t\t\t\t<h2 class=\"elementor-heading-title elementor-size-default\">\u00bfQu\u00e9 es la Radioterapia?\n<\/h2>\t\t\t\t<\/div>\n\t\t\t\t<\/div>\n\t\t\t\t<div class=\"elementor-element elementor-element-98a5f24 elementor-widget elementor-widget-text-editor\" data-id=\"98a5f24\" data-element_type=\"widget\" data-e-type=\"widget\" data-widget_type=\"text-editor.default\">\n\t\t\t\t<div class=\"elementor-widget-container\">\n\t\t\t\t\t\t\t\t\t<ul><li>Es la modalidad cl\u00ednica que utiliza radiaci\u00f3n ionizante en el tratamiento del c\u00e1ncer (y algunas enfermedades benignas) con el objetivo de administrar una dosis precisa en el tumor con el menor da\u00f1o posible a los \u00f3rganos sanos.<\/li><li>La radioterapia funciona destruyendo las c\u00e9lulas cancerosas en el \u00e1rea que se est\u00e1 tratando da\u00f1ando el ADN. Las c\u00e9lulas cancerosas no pueden repararse a s\u00ed mismas despu\u00e9s de la radioterapia, pero las c\u00e9lulas normales se reparan mejor.<\/li><\/ul>\t\t\t\t\t\t\t\t<\/div>\n\t\t\t\t<\/div>\n\t\t\t\t<\/div>\n\t\t\t\t\t<\/div>\n\t\t\t\t<\/div>\n\t\t<div class=\"elementor-element elementor-element-24157be e-flex e-con-boxed e-con e-parent\" data-id=\"24157be\" data-element_type=\"container\" data-e-type=\"container\">\n\t\t\t\t\t<div class=\"e-con-inner\">\n\t\t\t\t<div class=\"elementor-element elementor-element-b717ab5 elementor-widget-divider--view-line_icon elementor-view-default elementor-widget-divider--element-align-center elementor-widget elementor-widget-divider\" data-id=\"b717ab5\" data-element_type=\"widget\" data-e-type=\"widget\" data-widget_type=\"divider.default\">\n\t\t\t\t<div class=\"elementor-widget-container\">\n\t\t\t\t\t\t\t<div class=\"elementor-divider\">\n\t\t\t<span class=\"elementor-divider-separator\">\n\t\t\t\t\t\t\t<div class=\"elementor-icon elementor-divider__element\">\n\t\t\t\t\t<i aria-hidden=\"true\" class=\"fas fa-hand-holding-medical\"><\/i><\/div>\n\t\t\t\t\t\t<\/span>\n\t\t<\/div>\n\t\t\t\t\t\t<\/div>\n\t\t\t\t<\/div>\n\t\t\t\t\t<\/div>\n\t\t\t\t<\/div>\n\t\t<div class=\"elementor-element elementor-element-9eef9e6 e-flex e-con-boxed e-con e-parent\" data-id=\"9eef9e6\" data-element_type=\"container\" data-e-type=\"container\">\n\t\t\t\t\t<div class=\"e-con-inner\">\n\t\t\t\t<div class=\"elementor-element elementor-element-18c41e6 elementor-widget elementor-widget-heading\" data-id=\"18c41e6\" data-element_type=\"widget\" data-e-type=\"widget\" data-widget_type=\"heading.default\">\n\t\t\t\t<div class=\"elementor-widget-container\">\n\t\t\t\t\t<h2 class=\"elementor-heading-title elementor-size-default\">Acelerador lineal digital Elekta Synergy\n<\/h2>\t\t\t\t<\/div>\n\t\t\t\t<\/div>\n\t\t\t\t\t<\/div>\n\t\t\t\t<\/div>\n\t\t<div class=\"elementor-element elementor-element-faea334 e-flex e-con-boxed e-con e-parent\" data-id=\"faea334\" data-element_type=\"container\" data-e-type=\"container\">\n\t\t\t\t\t<div class=\"e-con-inner\">\n\t\t<div class=\"elementor-element elementor-element-042f4ae e-con-full e-flex e-con e-child\" data-id=\"042f4ae\" data-element_type=\"container\" data-e-type=\"container\">\n\t\t\t\t<div class=\"elementor-element elementor-element-8a12900 elementor-widget elementor-widget-text-editor\" data-id=\"8a12900\" data-element_type=\"widget\" data-e-type=\"widget\" data-widget_type=\"text-editor.default\">\n\t\t\t\t<div class=\"elementor-widget-container\">\n\t\t\t\t\t\t\t\t\t<p>El Hospital San Javier en GUADALAJARA, Jalisco M\u00e9xico, pone a su disposici\u00f3n para su comodidad el Acelerador Lineal Digital Elekta Synergy, \u00fanico en el Occidente de M\u00e9xico. Equipos de \u00faltima generaci\u00f3n para el tratamiento seguro de lesiones tumorales cancerosas en cualquier lugar.<\/p><p>Es un m\u00e9todo no invasivo de alta precisi\u00f3n, que trabaja en Radioterapia Conformada 3-D, a trav\u00e9s de colimadores multicapa.<\/p><p>La implementaci\u00f3n de t\u00e9cnicas estereo-t\u00e1cticas m\u00e1s precisas y la Radioterapia de Intensidad Modulada (IMRT) se logra mediante la obtenci\u00f3n de im\u00e1genes a trav\u00e9s de Tomograf\u00eda Espiral y Resonancia Magn\u00e9tica. La eficacia incomparable de este tratamiento se basa en la oportunidad de verificar la ubicaci\u00f3n exacta del volumen a tratar durante el procedimiento de tratamiento y al administrar la dosis.<\/p>\t\t\t\t\t\t\t\t<\/div>\n\t\t\t\t<\/div>\n\t\t\t\t<\/div>\n\t\t<div class=\"elementor-element elementor-element-4e6e0d6 e-con-full e-flex e-con e-child\" data-id=\"4e6e0d6\" data-element_type=\"container\" data-e-type=\"container\">\n\t\t\t\t<div class=\"elementor-element elementor-element-6f8a45c elementor-widget elementor-widget-image\" data-id=\"6f8a45c\" data-element_type=\"widget\" data-e-type=\"widget\" data-widget_type=\"image.default\">\n\t\t\t\t<div class=\"elementor-widget-container\">\n\t\t\t\t\t\t\t\t\t\t\t\t\t\t\t<img fetchpriority=\"high\" decoding=\"async\" width=\"1024\" height=\"683\" src=\"https:\/\/u-medicare.com\/wp-content\/uploads\/2020\/07\/The-Skills-Needed-for-Pediatric-Oncology-Nursing--1024x683.jpg\" class=\"attachment-large size-large wp-image-3958\" alt=\"\" srcset=\"https:\/\/u-medicare.com\/wp-content\/uploads\/2020\/07\/The-Skills-Needed-for-Pediatric-Oncology-Nursing--1024x683.jpg 1024w, https:\/\/u-medicare.com\/wp-content\/uploads\/2020\/07\/The-Skills-Needed-for-Pediatric-Oncology-Nursing--300x200.jpg 300w, https:\/\/u-medicare.com\/wp-content\/uploads\/2020\/07\/The-Skills-Needed-for-Pediatric-Oncology-Nursing--768x512.jpg 768w, https:\/\/u-medicare.com\/wp-content\/uploads\/2020\/07\/The-Skills-Needed-for-Pediatric-Oncology-Nursing--1536x1024.jpg 1536w, https:\/\/u-medicare.com\/wp-content\/uploads\/2020\/07\/The-Skills-Needed-for-Pediatric-Oncology-Nursing--2048x1365.jpg 2048w\" sizes=\"(max-width: 1024px) 100vw, 1024px\" \/>\t\t\t\t\t\t\t\t\t\t\t\t\t\t\t<\/div>\n\t\t\t\t<\/div>\n\t\t\t\t<\/div>\n\t\t\t\t\t<\/div>\n\t\t\t\t<\/div>\n\t\t<div class=\"elementor-element elementor-element-938e1ed e-flex e-con-boxed e-con e-parent\" data-id=\"938e1ed\" data-element_type=\"container\" data-e-type=\"container\">\n\t\t\t\t\t<div class=\"e-con-inner\">\n\t\t\t\t<div class=\"elementor-element elementor-element-347a56c elementor-widget elementor-widget-text-editor\" data-id=\"347a56c\" data-element_type=\"widget\" data-e-type=\"widget\" data-widget_type=\"text-editor.default\">\n\t\t\t\t<div class=\"elementor-widget-container\">\n\t\t\t\t\t\t\t\t\t<p style=\"text-align: center;\">Esto s\u00f3lo se logra mediante procedimientos de radioterapia guiada por im\u00e1genes (IGRT). Escalar la dosis y preservar \u00f3rganos cr\u00edticos se logra gracias a las im\u00e1genes obtenidas y a la validaci\u00f3n a trav\u00e9s del sistema de imagen portal iViewGT y el sistema de imagen volum\u00e9trica de rayos X XVI que se incorporan al acelerador lineal digital. La base de la radioterapia adaptada 4-D est\u00e1 integrada por estos elementos que permiten realizar ajustes en funci\u00f3n de la respuesta al tratamiento.<\/p>\t\t\t\t\t\t\t\t<\/div>\n\t\t\t\t<\/div>\n\t\t\t\t\t<\/div>\n\t\t\t\t<\/div>\n\t\t<div class=\"elementor-element elementor-element-543e03c e-flex e-con-boxed e-con e-parent\" data-id=\"543e03c\" data-element_type=\"container\" data-e-type=\"container\">\n\t\t\t\t\t<div class=\"e-con-inner\">\n\t\t\t\t<div class=\"elementor-element elementor-element-8a487f0 elementor-widget-divider--view-line_icon elementor-view-default elementor-widget-divider--element-align-center elementor-widget elementor-widget-divider\" data-id=\"8a487f0\" data-element_type=\"widget\" data-e-type=\"widget\" data-widget_type=\"divider.default\">\n\t\t\t\t<div class=\"elementor-widget-container\">\n\t\t\t\t\t\t\t<div class=\"elementor-divider\">\n\t\t\t<span class=\"elementor-divider-separator\">\n\t\t\t\t\t\t\t<div class=\"elementor-icon elementor-divider__element\">\n\t\t\t\t\t<i aria-hidden=\"true\" class=\"fas fa-hand-holding-medical\"><\/i><\/div>\n\t\t\t\t\t\t<\/span>\n\t\t<\/div>\n\t\t\t\t\t\t<\/div>\n\t\t\t\t<\/div>\n\t\t\t\t\t<\/div>\n\t\t\t\t<\/div>\n\t\t<div class=\"elementor-element elementor-element-1f87fc3 e-flex e-con-boxed e-con e-parent\" data-id=\"1f87fc3\" data-element_type=\"container\" data-e-type=\"container\">\n\t\t\t\t\t<div class=\"e-con-inner\">\n\t\t\t\t<div class=\"elementor-element elementor-element-e47eeea elementor-widget elementor-widget-heading\" data-id=\"e47eeea\" data-element_type=\"widget\" data-e-type=\"widget\" data-widget_type=\"heading.default\">\n\t\t\t\t<div class=\"elementor-widget-container\">\n\t\t\t\t\t<h2 class=\"elementor-heading-title elementor-size-default\">Beneficios<\/h2>\t\t\t\t<\/div>\n\t\t\t\t<\/div>\n\t\t\t\t<div class=\"elementor-element elementor-element-41f43f7 elementor-widget elementor-widget-text-editor\" data-id=\"41f43f7\" data-element_type=\"widget\" data-e-type=\"widget\" data-widget_type=\"text-editor.default\">\n\t\t\t\t<div class=\"elementor-widget-container\">\n\t\t\t\t\t\t\t\t\t<ul><li>La alta velocidad del colmidar multicuchillas y de diafragma aumenta la velocidad del tratamiento y permite una modulaci\u00f3n m\u00e1s eficaz.<\/li><li>Reduce la dosis de radiaci\u00f3n a \u00f3rganos y tejidos.<\/li><li>Baja dosis integral, reduce la posibilidad de tumores radioinducidos.<\/li><li>Mejora la calidad del tratamiento.<\/li><li>Reduce el tiempo de tratamiento diario.<\/li><li>Seguimiento y control continuos durante el tratamiento para ganar confianza en el haz<\/li><li>Entrega de conformaci\u00f3n y tratamiento.<\/li><li>Tom\u00f3grafo integrado XVI que permite visualizar im\u00e1genes en tres dimensiones en tiempo real.<\/li><li>Aporta una dosis alta acorde al objetivo.<\/li><li>Reduce el riesgo de \u00f3rganos cr\u00edticos.<\/li><li>Optimiza la administraci\u00f3n de dosis de radiaci\u00f3n para todos los pacientes y diferentes patolog\u00edas.<\/li><li>Puede reducir el tiempo de tratamiento, lo que tambi\u00e9n puede disminuir la probabilidad de que el paciente se mueva.<\/li><li>Tiene 160 multicuchillas.<\/li><li>Aumenta el rendimiento de pacientes debido a tiempos de entrega m\u00e1s r\u00e1pidos, lo que resulta en listas de espera reducidas.<\/li><\/ul>\t\t\t\t\t\t\t\t<\/div>\n\t\t\t\t<\/div>\n\t\t\t\t\t<\/div>\n\t\t\t\t<\/div>\n\t\t<div class=\"elementor-element elementor-element-fb4826d e-flex e-con-boxed e-con e-parent\" data-id=\"fb4826d\" data-element_type=\"container\" data-e-type=\"container\">\n\t\t\t\t\t<div class=\"e-con-inner\">\n\t\t\t\t<div class=\"elementor-element elementor-element-c4b61fa elementor-widget-divider--view-line_icon elementor-view-default elementor-widget-divider--element-align-center elementor-widget elementor-widget-divider\" data-id=\"c4b61fa\" data-element_type=\"widget\" data-e-type=\"widget\" data-widget_type=\"divider.default\">\n\t\t\t\t<div class=\"elementor-widget-container\">\n\t\t\t\t\t\t\t<div class=\"elementor-divider\">\n\t\t\t<span class=\"elementor-divider-separator\">\n\t\t\t\t\t\t\t<div class=\"elementor-icon elementor-divider__element\">\n\t\t\t\t\t<i aria-hidden=\"true\" class=\"fas fa-hand-holding-medical\"><\/i><\/div>\n\t\t\t\t\t\t<\/span>\n\t\t<\/div>\n\t\t\t\t\t\t<\/div>\n\t\t\t\t<\/div>\n\t\t\t\t\t<\/div>\n\t\t\t\t<\/div>\n\t\t<div class=\"elementor-element elementor-element-a3521ef e-flex e-con-boxed e-con e-parent\" data-id=\"a3521ef\" data-element_type=\"container\" data-e-type=\"container\">\n\t\t\t\t\t<div class=\"e-con-inner\">\n\t\t\t\t<div class=\"elementor-element elementor-element-e414ce6 elementor-widget elementor-widget-heading\" data-id=\"e414ce6\" data-element_type=\"widget\" data-e-type=\"widget\" data-widget_type=\"heading.default\">\n\t\t\t\t<div class=\"elementor-widget-container\">\n\t\t\t\t\t<h2 class=\"elementor-heading-title elementor-size-default\">Dr. Irving Sanchez\nEspecialisssta en Oncologia Radioter\u00e1pica\n<\/h2>\t\t\t\t<\/div>\n\t\t\t\t<\/div>\n\t\t\t\t\t<\/div>\n\t\t\t\t<\/div>\n\t\t<div class=\"elementor-element elementor-element-ea4d00f e-flex e-con-boxed e-con e-parent\" data-id=\"ea4d00f\" data-element_type=\"container\" data-e-type=\"container\">\n\t\t\t\t\t<div class=\"e-con-inner\">\n\t\t<div class=\"elementor-element elementor-element-8bec350 e-con-full e-flex e-con e-child\" data-id=\"8bec350\" data-element_type=\"container\" data-e-type=\"container\">\n\t\t\t\t<div class=\"elementor-element elementor-element-06cb862 elementor-widget elementor-widget-image\" data-id=\"06cb862\" data-element_type=\"widget\" data-e-type=\"widget\" data-widget_type=\"image.default\">\n\t\t\t\t<div class=\"elementor-widget-container\">\n\t\t\t\t\t\t\t\t\t\t\t\t\t\t\t<img decoding=\"async\" width=\"331\" height=\"647\" src=\"https:\/\/u-medicare.com\/wp-content\/uploads\/2020\/07\/dr-irving-sanchez-oncologo-guadalajara.png\" class=\"attachment-large size-large wp-image-3936\" alt=\"\" srcset=\"https:\/\/u-medicare.com\/wp-content\/uploads\/2020\/07\/dr-irving-sanchez-oncologo-guadalajara.png 331w, https:\/\/u-medicare.com\/wp-content\/uploads\/2020\/07\/dr-irving-sanchez-oncologo-guadalajara-153x300.png 153w\" sizes=\"(max-width: 331px) 100vw, 331px\" \/>\t\t\t\t\t\t\t\t\t\t\t\t\t\t\t<\/div>\n\t\t\t\t<\/div>\n\t\t\t\t<\/div>\n\t\t<div class=\"elementor-element elementor-element-0721bac e-con-full e-flex e-con e-child\" data-id=\"0721bac\" data-element_type=\"container\" data-e-type=\"container\">\n\t\t\t\t<div class=\"elementor-element elementor-element-e4f0e00 elementor-widget elementor-widget-text-editor\" data-id=\"e4f0e00\" data-element_type=\"widget\" data-e-type=\"widget\" data-widget_type=\"text-editor.default\">\n\t\t\t\t<div class=\"elementor-widget-container\">\n\t\t\t\t\t\t\t\t\t<h4 style=\"text-align: center;\"><span style=\"color: #999999;\">FORMACI\u00d3N EDUACATIVA<\/span><\/h4><hr \/><blockquote><ul><li><h4><span style=\"color: #808080;\">M\u00e9dico egresado de la Universidad de Guadalajara, con especialidad en Oncolog\u00eda Radioter\u00e1pica<\/span><\/h4><h4><span style=\"color: #808080;\">en el Centro M\u00e9dico Nacional Occidental.<\/span><\/h4><\/li><li><h4><span style=\"color: #808080;\">Electivas cl\u00ednicas en la Universidad de Toronto. 1er lugar en examen de certificaci\u00f3n del Consejo Mexicano de Certificaci\u00f3n en Oncolog\u00eda Radioter\u00e1pica,<\/span><\/h4><\/li><li><h4><span style=\"color: #808080;\">Miembro de la Sociedad Americana de Oncolog\u00eda Radioter\u00e1pica.<\/span><\/h4><\/li><li><h4><span style=\"color: #808080;\">Miembro de la Sociedad Americana de Oncolog\u00eda Cl\u00ednica.<\/span><\/h4><\/li><li><h4><span style=\"color: #808080;\">M\u00e9dico de planta del Centro M\u00e9dico Nacional del Occidente de Guadalajara.<\/span><\/h4><h4><span style=\"color: #808080;\">Diplomado en Cuidados Paliativos y Manejo del Dolor por la Universidad de Guadalajara.<\/span><\/h4><\/li><\/ul><\/blockquote>\t\t\t\t\t\t\t\t<\/div>\n\t\t\t\t<\/div>\n\t\t\t\t<\/div>\n\t\t\t\t\t<\/div>\n\t\t\t\t<\/div>\n\t\t<div class=\"elementor-element elementor-element-17a70d0 e-flex e-con-boxed e-con e-parent\" data-id=\"17a70d0\" data-element_type=\"container\" data-e-type=\"container\">\n\t\t\t\t\t<div class=\"e-con-inner\">\n\t\t\t\t<div class=\"elementor-element elementor-element-bb3c664 elementor-widget-divider--view-line_icon elementor-view-default elementor-widget-divider--element-align-center elementor-widget elementor-widget-divider\" data-id=\"bb3c664\" data-element_type=\"widget\" data-e-type=\"widget\" data-widget_type=\"divider.default\">\n\t\t\t\t<div class=\"elementor-widget-container\">\n\t\t\t\t\t\t\t<div class=\"elementor-divider\">\n\t\t\t<span class=\"elementor-divider-separator\">\n\t\t\t\t\t\t\t<div class=\"elementor-icon elementor-divider__element\">\n\t\t\t\t\t<i aria-hidden=\"true\" class=\"fas fa-hand-holding-medical\"><\/i><\/div>\n\t\t\t\t\t\t<\/span>\n\t\t<\/div>\n\t\t\t\t\t\t<\/div>\n\t\t\t\t<\/div>\n\t\t\t\t\t<\/div>\n\t\t\t\t<\/div>\n\t\t<div class=\"elementor-element elementor-element-2b5e51e e-flex e-con-boxed e-con e-parent\" data-id=\"2b5e51e\" data-element_type=\"container\" data-e-type=\"container\">\n\t\t\t\t\t<div class=\"e-con-inner\">\n\t\t\t\t<div class=\"elementor-element elementor-element-561498e elementor-widget elementor-widget-heading\" data-id=\"561498e\" data-element_type=\"widget\" data-e-type=\"widget\" data-widget_type=\"heading.default\">\n\t\t\t\t<div class=\"elementor-widget-container\">\n\t\t\t\t\t<h2 class=\"elementor-heading-title elementor-size-default\">Contacto con el Onc\u00f3logo<\/h2>\t\t\t\t<\/div>\n\t\t\t\t<\/div>\n\t\t\t\t\t<\/div>\n\t\t\t\t<\/div>\n\t\t<div class=\"elementor-element elementor-element-7f83824 e-flex e-con-boxed e-con e-parent\" data-id=\"7f83824\" data-element_type=\"container\" data-e-type=\"container\">\n\t\t\t\t\t<div class=\"e-con-inner\">\n\t\t\t\t<div class=\"elementor-element elementor-element-e7d79d3 elementor-widget elementor-widget-text-editor\" data-id=\"e7d79d3\" data-element_type=\"widget\" data-e-type=\"widget\" data-widget_type=\"text-editor.default\">\n\t\t\t\t<div class=\"elementor-widget-container\">\n\t\t\t\t\t\t\t\t\t<blockquote><h4 style=\"text-align: center;\"><span style=\"color: #999999;\">UNIDAD DE RADIOTERAPIA Disponible \u00fanicamente en la Ciudad de Guadalajara, Jalisco. en el Hospital San Javier<\/span><br \/><span style=\"color: #999999;\">La primera cita con el Especialista en Oncolog\u00eda es en Puerto Vallarta, Jalisco.<\/span><\/h4><hr \/><\/blockquote><h4 style=\"text-align: center;\"><span style=\"color: #808080;\">Si la radioterapia es la soluci\u00f3n, considere viajar a la ciudad de GUADALAJARA.<\/span><\/h4><h4 style=\"text-align: center;\"><span style=\"color: #808080;\">Hospital San Javier te ofrece diferentes opciones para tu recuperaci\u00f3n. La Unidad de Radioterapia pone a tu disposici\u00f3n un equipo m\u00e9dico de especialistas que te asesorar\u00e1 y orientar\u00e1 sobre el tratamiento correcto y seguro garantizando un servicio c\u00e1lido y el trato adecuado.<\/span><\/h4>\t\t\t\t\t\t\t\t<\/div>\n\t\t\t\t<\/div>\n\t\t\t\t\t<\/div>\n\t\t\t\t<\/div>\n\t\t<div class=\"elementor-element elementor-element-15bc8f3 e-flex e-con-boxed e-con e-parent\" data-id=\"15bc8f3\" data-element_type=\"container\" data-e-type=\"container\">\n\t\t\t\t\t<div class=\"e-con-inner\">\n\t\t\t\t<div class=\"elementor-element elementor-element-0239da0 elementor-widget elementor-widget-heading\" data-id=\"0239da0\" data-element_type=\"widget\" data-e-type=\"widget\" data-widget_type=\"heading.default\">\n\t\t\t\t<div class=\"elementor-widget-container\">\n\t\t\t\t\t<h2 class=\"elementor-heading-title elementor-size-default\">Pide cita con el Especialista en Oncolog\u00eda en Radioterapia<\/h2>\t\t\t\t<\/div>\n\t\t\t\t<\/div>\n\t\t\t\t\t<\/div>\n\t\t\t\t<\/div>\n\t\t<div class=\"elementor-element elementor-element-8ac0f10 e-flex e-con-boxed e-con e-parent\" data-id=\"8ac0f10\" data-element_type=\"container\" data-e-type=\"container\">\n\t\t\t\t\t<div class=\"e-con-inner\">\n\t\t<div class=\"elementor-element elementor-element-7c23e9e e-con-full e-flex e-con e-child\" data-id=\"7c23e9e\" data-element_type=\"container\" data-e-type=\"container\">\n\t\t\t\t<div class=\"elementor-element elementor-element-d7184ec elementor-icon-list--layout-traditional elementor-list-item-link-full_width elementor-widget elementor-widget-icon-list\" data-id=\"d7184ec\" data-element_type=\"widget\" data-e-type=\"widget\" data-widget_type=\"icon-list.default\">\n\t\t\t\t<div class=\"elementor-widget-container\">\n\t\t\t\t\t\t\t<ul class=\"elementor-icon-list-items\">\n\t\t\t\t\t\t\t<li class=\"elementor-icon-list-item\">\n\t\t\t\t\t\t\t\t\t\t\t<span class=\"elementor-icon-list-icon\">\n\t\t\t\t\t\t\t<i aria-hidden=\"true\" class=\"fas fa-home\"><\/i>\t\t\t\t\t\t<\/span>\n\t\t\t\t\t\t\t\t\t\t<span class=\"elementor-icon-list-text\">Grupo DIAGNOSTI K  - Av. Francisco Villa No. 1389-C.  Fluvial Vallarta, Puerto Vallarta, Jalisco <\/span>\n\t\t\t\t\t\t\t\t\t<\/li>\n\t\t\t\t\t\t<\/ul>\n\t\t\t\t\t\t<\/div>\n\t\t\t\t<\/div>\n\t\t\t\t<\/div>\n\t\t<div class=\"elementor-element elementor-element-33359d8 e-con-full e-flex e-con e-child\" data-id=\"33359d8\" data-element_type=\"container\" data-e-type=\"container\">\n\t\t\t\t<div class=\"elementor-element elementor-element-8ae52bd elementor-icon-list--layout-traditional elementor-list-item-link-full_width elementor-widget elementor-widget-icon-list\" data-id=\"8ae52bd\" data-element_type=\"widget\" data-e-type=\"widget\" data-widget_type=\"icon-list.default\">\n\t\t\t\t<div class=\"elementor-widget-container\">\n\t\t\t\t\t\t\t<ul class=\"elementor-icon-list-items\">\n\t\t\t\t\t\t\t<li class=\"elementor-icon-list-item\">\n\t\t\t\t\t\t\t\t\t\t\t<span class=\"elementor-icon-list-icon\">\n\t\t\t\t\t\t\t<i aria-hidden=\"true\" class=\"fas fa-phone\"><\/i>\t\t\t\t\t\t<\/span>\n\t\t\t\t\t\t\t\t\t\t<span class=\"elementor-icon-list-text\">Llame al (+52) 322 229 03 10<\/span>\n\t\t\t\t\t\t\t\t\t<\/li>\n\t\t\t\t\t\t<\/ul>\n\t\t\t\t\t\t<\/div>\n\t\t\t\t<\/div>\n\t\t\t\t<\/div>\n\t\t\t\t\t<\/div>\n\t\t\t\t<\/div>\n\t\t<div class=\"elementor-element elementor-element-0448a02 e-flex e-con-boxed e-con e-parent\" data-id=\"0448a02\" data-element_type=\"container\" data-e-type=\"container\">\n\t\t\t\t\t<div class=\"e-con-inner\">\n\t\t\t\t<div class=\"elementor-element elementor-element-b7d542c elementor-widget-divider--view-line_icon elementor-view-default elementor-widget-divider--element-align-center elementor-widget elementor-widget-divider\" data-id=\"b7d542c\" data-element_type=\"widget\" data-e-type=\"widget\" data-widget_type=\"divider.default\">\n\t\t\t\t<div class=\"elementor-widget-container\">\n\t\t\t\t\t\t\t<div class=\"elementor-divider\">\n\t\t\t<span class=\"elementor-divider-separator\">\n\t\t\t\t\t\t\t<div class=\"elementor-icon elementor-divider__element\">\n\t\t\t\t\t<i aria-hidden=\"true\" class=\"fas fa-hand-holding-medical\"><\/i><\/div>\n\t\t\t\t\t\t<\/span>\n\t\t<\/div>\n\t\t\t\t\t\t<\/div>\n\t\t\t\t<\/div>\n\t\t\t\t\t<\/div>\n\t\t\t\t<\/div>\n\t\t\t\t<\/div>","protected":false},"excerpt":{"rendered":"<p>Dr. Irving S\u00e1nchez Rodr\u00edguez Oncology \u2013 RadiotherapyMedical Specialist in Radiaton Oncology Certified by the Mexican Council of Certification in Radiotherapy A.C. (UDEG-CMNO) ONCOLOGY CARE TEAM A team of highly trained medical professionals will be involved in your care during radiation therapy. This team is led by a radiation oncologist, a doctor who specializes in using &hellip;<\/p>\n<p class=\"read-more\"> <a class=\"\" href=\"https:\/\/u-medicare.com\/es\/dr-irving-sanchez-rodriguez-oncologia-radioterapia-puerto-vallarta\/\"> <span class=\"screen-reader-text\">Dr. Irving S\u00e1nchez Rodr\u00edguez Oncolog\u00eda Radioterapia Puerto Vallarta<\/span> Leer m\u00e1s &raquo;<\/a><\/p>","protected":false},"author":1,"featured_media":0,"parent":0,"menu_order":0,"comment_status":"closed","ping_status":"closed","template":"","meta":{"site-sidebar-layout":"default","site-content-layout":"","ast-site-content-layout":"","site-content-style":"default","site-sidebar-style":"default","ast-global-header-display":"","ast-banner-title-visibility":"","ast-main-header-display":"","ast-hfb-above-header-display":"","ast-hfb-below-header-display":"","ast-hfb-mobile-header-display":"","site-post-title":"","ast-breadcrumbs-content":"","ast-featured-img":"","footer-sml-layout":"","theme-transparent-header-meta":"","adv-header-id-meta":"","stick-header-meta":"","header-above-stick-meta":"","header-main-stick-meta":"","header-below-stick-meta":"","astra-migrate-meta-layouts":"","footnotes":""},"class_list":["post-3933","page","type-page","status-publish","hentry"],"_links":{"self":[{"href":"https:\/\/u-medicare.com\/es\/wp-json\/wp\/v2\/pages\/3933","targetHints":{"allow":["GET"]}}],"collection":[{"href":"https:\/\/u-medicare.com\/es\/wp-json\/wp\/v2\/pages"}],"about":[{"href":"https:\/\/u-medicare.com\/es\/wp-json\/wp\/v2\/types\/page"}],"author":[{"embeddable":true,"href":"https:\/\/u-medicare.com\/es\/wp-json\/wp\/v2\/users\/1"}],"replies":[{"embeddable":true,"href":"https:\/\/u-medicare.com\/es\/wp-json\/wp\/v2\/comments?post=3933"}],"version-history":[{"count":23,"href":"https:\/\/u-medicare.com\/es\/wp-json\/wp\/v2\/pages\/3933\/revisions"}],"predecessor-version":[{"id":6303,"href":"https:\/\/u-medicare.com\/es\/wp-json\/wp\/v2\/pages\/3933\/revisions\/6303"}],"wp:attachment":[{"href":"https:\/\/u-medicare.com\/es\/wp-json\/wp\/v2\/media?parent=3933"}],"curies":[{"name":"wp","href":"https:\/\/api.w.org\/{rel}","templated":true}]}}